
{"id":592,"date":"2025-11-13T09:03:33","date_gmt":"2025-11-13T09:03:33","guid":{"rendered":"https:\/\/effiraenergy.com\/se\/?page_id=592"},"modified":"2026-04-23T13:59:16","modified_gmt":"2026-04-23T11:59:16","slug":"effira-appen","status":"publish","type":"page","link":"https:\/\/effiraenergy.com\/se\/effira-appen\/","title":{"rendered":"Effira-appen"},"content":{"rendered":"<div data-block=\"page-hero\"\n        class=\"relative w-screen h-[482px] xl:h-[600px] text-left text-white overflow-hidden flex items-center justify-start mb-12 px-4 lg:px-0 pt-12 lg:pt-0\">\n            <div class=\"absolute inset-0\">\n            <picture class=\"w-full h-full block\">\n                                    <source media=\"(max-width: 767px)\" srcset=\"https:\/\/images.ohmyhosting.se\/bUAa2VugqKAPVEUj_WKBJ262PTs=\/1440x658\/smart\/filters:format(webp):quality(85):sharpen(0.25,0.5,true)\/https%3A%2F%2Feffiraenergy.com%2Fwp-content%2Fuploads%2Fsites%2F3%2F2025%2F11%2FFirefly_A-person-sits-insides-a-villa-_Villa-is-in-Sweden_IT-is-autumn-outside_Looking-in-his-670363-scaled-1.jpg\">\n                                <img decoding=\"async\" src=\"https:\/\/images.ohmyhosting.se\/bUAa2VugqKAPVEUj_WKBJ262PTs=\/1440x658\/smart\/filters:format(webp):quality(85):sharpen(0.25,0.5,true)\/https%3A%2F%2Feffiraenergy.com%2Fwp-content%2Fuploads%2Fsites%2F3%2F2025%2F11%2FFirefly_A-person-sits-insides-a-villa-_Villa-is-in-Sweden_IT-is-autumn-outside_Looking-in-his-670363-scaled-1.jpg\" alt=\"\"\n                    class=\"w-full h-full object-cover object-center\" loading=\"lazy\" \/>\n            <\/picture>\n        <\/div>\n        <!-- Mobile: Full image overlay -->\n    <div class=\"absolute inset-0 bg-black xl:hidden\" style=\"opacity: 0.6\"><\/div>\n\n    <div class=\"container relative z-10 mx-auto\">\n        <div class=\"relative z-10 max-w-fit max-h-fit lg:rounded-3xl lg:py-[44px] lg:px-[56px]\">\n            <!-- Desktop: Shadowed text box overlay -->\n            <div class=\"absolute inset-0 bg-black lg:rounded-3xl shadow-2xl hidden xl:block\"\n                style=\"opacity: 0.6\"><\/div>\n            <div class=\"relative z-20 flex flex-col justify-start \">\n                                    <h1 class=\"heading-xxl mb-6 text-lightGreen\">Effira-appen<\/h1>\n                \n                                    <div class=\"wysiwyg max-w-[575px] hero-wysiwyg\"><p>Full \u00f6verblick \u00f6ver v\u00e4rme, varmvatten och besparing \u2013 helt utan att du beh\u00f6ver g\u00f6ra n\u00e5got.<\/p>\n<\/div>\n                            <\/div>\n        <\/div>\n    <\/div>\n<\/div>\n\n\n<div data-block=\"wysiwyg-text\"  class=\"container mx-auto px-4 mb-0\">\n    <div class=\"wysiwyg max-w-[760px] mx-auto\">\n        <h2 style=\"margin-bottom:10px\">Appen<\/h2>\n<p style=\"margin-bottom:8px\">\nI Effira-appen ser du hur OPTi styr v\u00e4rme och varmvatten i ditt hem. Elpris, energianv\u00e4ndning och besparing visas samlat p\u00e5 ett st\u00e4lle \u2013 medan systemet arbetar automatiskt i bakgrunden, utan att du beh\u00f6ver \u00e4ndra dina vanor.\n<\/p>\n<table style=\"border:none;width:auto;margin:0\" border=\"0\" cellspacing=\"0\" cellpadding=\"0\">\n<tr>\n<td style=\"border:none;padding-right:12px\">\n      <a href=\"https:\/\/play.google.com\/store\/apps\/details?id=com.effira.sg.app&amp;pcampaignid=web_share\"><br \/>\n        <img decoding=\"async\" src=\"https:\/\/cdn.ohmyhosting.se\/src\/https:\/\/effiraenergy.com\/wp-content\/uploads\/sites\/3\/2025\/11\/google-play-badge.svg\" alt=\"Google Play\" loading=\"lazy\"><br \/>\n      <\/a>\n    <\/td>\n<td style=\"border:none\">\n      <a href=\"https:\/\/apps.apple.com\/gh\/app\/effira\/id6748074772\"><br \/>\n        <img decoding=\"async\" src=\"https:\/\/cdn.ohmyhosting.se\/src\/https:\/\/effiraenergy.com\/wp-content\/uploads\/sites\/3\/2025\/11\/app-store-badge.svg\" alt=\"App Store\" loading=\"lazy\"><br \/>\n      <\/a>\n    <\/td>\n<\/tr>\n<\/table>\n\n    <\/div>\n<\/div>\n\n\n<div data-block=\"image-and-text\"  class=\"content-container container mx-auto my-20 px-4 xl:px-0 text-darkGreen flex flex-col items-center justify-center\">\n    <div class=\"flex flex-col items-center justify-center gap-12 lg:gap-24 lg:justify-between lg:flex-row md:pr-12\">\n                    <div class=\"w-full lg:w-1\/2 mx-auto\">\n                <div class=\"aspect-square w-full overflow-hidden rounded-2xl\">\n                    <video class=\"w-full h-full object-cover\" preload=\"metadata\" autoplay loop muted playsinline>\n                        <source src=\"https:\/\/effiraenergy.com\/wp-content\/uploads\/sites\/3\/2026\/01\/Effira-App_animation_1x1.mp4\" type=\"video\/mp4\" \/>\n                    <\/video>\n                <\/div>\n            <\/div>\n                <div class=\"w-full lg:w-1\/2 max-w-xl flex flex-col gap-8 items-start sm:items-center lg:items-start justify-center text-left sm:text-center lg:text-left\">\n                            <h2 class=\"heading-lg\">Vakna varje morgon och se g\u00e5rdagens besparing, direkt i appen<\/h2>\n                                        <div class=\"wysiwyg body-md leading-[140%]\"><p>Se hur OPTi jobbar f\u00f6r dig i vardagen. I Effiras app f\u00e5r du full \u00f6verblick \u00f6ver hur dina elkostnader minskar n\u00e4r v\u00e4rme och varmvatten anv\u00e4nds smartare \u2013 anpassat efter elpriset.<\/p>\n<p>F\u00f6lj hur besparingen utvecklas \u00f6ver tid och f\u00e5 en tydlig bild av vad OPTi faktiskt g\u00f6r f\u00f6r ditt hem. Allt samlat i en app. Enkelt, tryggt och utan att tumma p\u00e5 komforten hemma.<\/p>\n<\/div>\n                                <\/div>\n    <\/div>\n<\/div>\n\n\n<div data-block=\"image-and-text\"  class=\"content-container container mx-auto my-20 px-4 xl:px-0 text-darkGreen flex flex-col items-center justify-center\">\n    <div class=\"flex flex-col items-center justify-center gap-12 lg:gap-24 lg:justify-between lg:flex-row-reverse md:pl-12\">\n                                    <div class=\"w-full lg:w-1\/2 mx-auto\">\n                    <div class=\"aspect-square w-full overflow-hidden rounded-2xl\">\n                        <picture class=\"w-full h-full block\">\n                                                            <source media=\"(max-width: 767px)\" srcset=\"https:\/\/images.ohmyhosting.se\/TDaQ5RETvlmeEc550X894iUhPpo=\/1400x1400\/smart\/filters:format(webp):quality(90):sharpen(0.25,0.5,true)\/https%3A%2F%2Feffiraenergy.com%2Fwp-content%2Fuploads%2Fsites%2F3%2F2026%2F04%2Fhome.png\">\n                                                        <img decoding=\"async\" src=\"https:\/\/images.ohmyhosting.se\/TDaQ5RETvlmeEc550X894iUhPpo=\/1400x1400\/smart\/filters:format(webp):quality(90):sharpen(0.25,0.5,true)\/https%3A%2F%2Feffiraenergy.com%2Fwp-content%2Fuploads%2Fsites%2F3%2F2026%2F04%2Fhome.png\" alt=\"\"\n                                class=\"w-full h-full object-cover\"\n                                loading=\"lazy\" \/>\n                        <\/picture>\n                    <\/div>\n                <\/div>\n                            <div class=\"w-full lg:w-1\/2 max-w-xl flex flex-col gap-8 items-start sm:items-center lg:items-start justify-center text-left sm:text-center lg:text-left\">\n                            <h2 class=\"heading-lg\">Allt du beh\u00f6ver p\u00e5 ett st\u00e4lle<\/h2>\n                                        <div class=\"wysiwyg body-md leading-[140%]\"><p>Ditt hus fungerar som ett v\u00e4rmebatteri \u2013 fullt av potential att spara energi. Effira OPTi v\u00e4rmer huset och varmvattnet n\u00e4r elpriset \u00e4r l\u00e5gt och lagrar det i husets bygelement, f\u00f6r att sedan anv\u00e4nda den n\u00e4r elen \u00e4r dyrare. I appen ser du direkt hur v\u00e4rmebatteriet laddas eller laddas ur \u2013 de bl\u00e5 staplarna fylls upp eller t\u00f6ms i takt med husets v\u00e4rmefl\u00f6de. Allt sker inom temperaturgr\u00e4nser som \u00e4r behagliga f\u00f6r dig \u2013 utan att du m\u00e4rker n\u00e5gon skillnad.<\/p>\n<p>Du f\u00e5r full \u00f6verblick, medan OPTi sk\u00f6ter allt automatiskt i bakgrunden.<br \/>\nP\u00e5 startsidan ser du allt du beh\u00f6ver: dagens besparing, elpris och hur ditt v\u00e4rmebatteri laddas \u2013 medan OPTi sk\u00f6ter allt automatiskt i bakgrunden.<\/p>\n<\/div>\n                                <\/div>\n    <\/div>\n<\/div>\n\n\n<div data-block=\"image-and-text\"  class=\"content-container container mx-auto my-20 px-4 xl:px-0 text-darkGreen flex flex-col items-center justify-center\">\n    <div class=\"flex flex-col items-center justify-center gap-12 lg:gap-24 lg:justify-between lg:flex-row md:pr-12\">\n                                    <div class=\"w-full lg:w-1\/2 mx-auto\">\n                    <div class=\"aspect-square w-full overflow-hidden rounded-2xl\">\n                        <picture class=\"w-full h-full block\">\n                                                            <source media=\"(max-width: 767px)\" srcset=\"https:\/\/images.ohmyhosting.se\/UwcU6IV24F3Mjs6iHJ1XZ0l_Q3Y=\/1400x1400\/smart\/filters:format(webp):quality(90):sharpen(0.25,0.5,true)\/https%3A%2F%2Feffiraenergy.com%2Fwp-content%2Fuploads%2Fsites%2F3%2F2026%2F04%2Fvarmebatteri-scaled.png\">\n                                                        <img decoding=\"async\" src=\"https:\/\/images.ohmyhosting.se\/UwcU6IV24F3Mjs6iHJ1XZ0l_Q3Y=\/1400x1400\/smart\/filters:format(webp):quality(90):sharpen(0.25,0.5,true)\/https%3A%2F%2Feffiraenergy.com%2Fwp-content%2Fuploads%2Fsites%2F3%2F2026%2F04%2Fvarmebatteri-scaled.png\" alt=\"\"\n                                class=\"w-full h-full object-cover\"\n                                loading=\"lazy\" \/>\n                        <\/picture>\n                    <\/div>\n                <\/div>\n                            <div class=\"w-full lg:w-1\/2 max-w-xl flex flex-col gap-8 items-start sm:items-center lg:items-start justify-center text-left sm:text-center lg:text-left\">\n                            <h2 class=\"heading-lg\">Just nu i ditt v\u00e4rmebatteri<\/h2>\n                                        <div class=\"wysiwyg body-md leading-[140%]\"><p>H\u00e4r ser du hur OPTi arbetar i realtid \u2013 om systemet gasar eller bromsar, allts\u00e5 laddar upp eller laddar ur ditt v\u00e4rmebatteri. Du f\u00f6ljer hur uppv\u00e4rmningen anpassas timme f\u00f6r timme efter elpriset i ditt elomr\u00e5de.<\/p>\n<\/div>\n                                <\/div>\n    <\/div>\n<\/div>\n\n\n<div data-block=\"image-and-text\"  class=\"content-container container mx-auto my-20 px-4 xl:px-0 text-darkGreen flex flex-col items-center justify-center\">\n    <div class=\"flex flex-col items-center justify-center gap-12 lg:gap-24 lg:justify-between lg:flex-row-reverse md:pl-12\">\n                                    <div class=\"w-full lg:w-1\/2 mx-auto\">\n                    <div class=\"aspect-square w-full overflow-hidden rounded-2xl\">\n                        <picture class=\"w-full h-full block\">\n                                                            <source media=\"(max-width: 767px)\" srcset=\"https:\/\/images.ohmyhosting.se\/DHCDDAOpHRtsr8eAgoonnnUsxYU=\/1400x1400\/smart\/filters:format(webp):quality(90):sharpen(0.25,0.5,true)\/https%3A%2F%2Feffiraenergy.com%2Fwp-content%2Fuploads%2Fsites%2F3%2F2026%2F04%2Fbesparing-scaled.png\">\n                                                        <img decoding=\"async\" src=\"https:\/\/images.ohmyhosting.se\/DHCDDAOpHRtsr8eAgoonnnUsxYU=\/1400x1400\/smart\/filters:format(webp):quality(90):sharpen(0.25,0.5,true)\/https%3A%2F%2Feffiraenergy.com%2Fwp-content%2Fuploads%2Fsites%2F3%2F2026%2F04%2Fbesparing-scaled.png\" alt=\"\"\n                                class=\"w-full h-full object-cover\"\n                                loading=\"lazy\" \/>\n                        <\/picture>\n                    <\/div>\n                <\/div>\n                            <div class=\"w-full lg:w-1\/2 max-w-xl flex flex-col gap-8 items-start sm:items-center lg:items-start justify-center text-left sm:text-center lg:text-left\">\n                            <h2 class=\"heading-lg\">Se din besparing varje dag<\/h2>\n                                        <div class=\"wysiwyg body-md leading-[140%]\"><p>I appen ser du hur mycket Effira OPTi s\u00e4nker din elkostnad, dag f\u00f6r dag. Allt sker automatiskt i bakgrunden \u2013 du lutar dig tillbaka medan besparingen tickar p\u00e5. F\u00f6lj din besparing direkt p\u00e5 startsidan eller i en \u00f6versikt som visar hur den v\u00e4xer \u00f6ver tid.<\/p>\n<\/div>\n                                <\/div>\n    <\/div>\n<\/div>\n\n\n<div data-block=\"image-and-text\"  class=\"content-container container mx-auto my-20 px-4 xl:px-0 text-darkGreen flex flex-col items-center justify-center\">\n    <div class=\"flex flex-col items-center justify-center gap-12 lg:gap-24 lg:justify-between lg:flex-row md:pr-12\">\n                                    <div class=\"w-full lg:w-1\/2 mx-auto\">\n                    <div class=\"aspect-square w-full overflow-hidden rounded-2xl\">\n                        <picture class=\"w-full h-full block\">\n                                                            <source media=\"(max-width: 767px)\" srcset=\"https:\/\/images.ohmyhosting.se\/CCe32cWAyJzTB4WIW0kxA08d0x8=\/1400x1400\/smart\/filters:format(webp):quality(90):sharpen(0.25,0.5,true)\/https%3A%2F%2Feffiraenergy.com%2Fwp-content%2Fuploads%2Fsites%2F3%2F2026%2F04%2Felpriser-scaled.png\">\n                                                        <img decoding=\"async\" src=\"https:\/\/images.ohmyhosting.se\/CCe32cWAyJzTB4WIW0kxA08d0x8=\/1400x1400\/smart\/filters:format(webp):quality(90):sharpen(0.25,0.5,true)\/https%3A%2F%2Feffiraenergy.com%2Fwp-content%2Fuploads%2Fsites%2F3%2F2026%2F04%2Felpriser-scaled.png\" alt=\"\"\n                                class=\"w-full h-full object-cover\"\n                                loading=\"lazy\" \/>\n                        <\/picture>\n                    <\/div>\n                <\/div>\n                            <div class=\"w-full lg:w-1\/2 max-w-xl flex flex-col gap-8 items-start sm:items-center lg:items-start justify-center text-left sm:text-center lg:text-left\">\n                            <h2 class=\"heading-lg\">N\u00e4r \u00e4r elen billigast i ditt omr\u00e5de?<\/h2>\n                                        <div class=\"wysiwyg body-md leading-[140%]\"><p>Effira OPTi anpassar automatiskt uppv\u00e4rmning och varmvatten efter ditt elpris \u2013 s\u00e5 du slipper h\u00e5lla koll sj\u00e4lv. I appen kan du \u00e4nd\u00e5 f\u00f6lja elpriset timme f\u00f6r timme, b\u00e5de f\u00f6r idag och kommande dygn, och anv\u00e4nda informationen f\u00f6r att planera annan elanv\u00e4ndning smartare.<\/p>\n<p>Se n\u00e4r elen \u00e4r som billigast och passa p\u00e5 att k\u00f6ra tv\u00e4tt, disk eller ladda elbilen. Elpriserna uppdateras dagligen runt klockan 13.<\/p>\n<\/div>\n                                <\/div>\n    <\/div>\n<\/div>\n\n\n<div data-block=\"image-and-text\"  class=\"content-container container mx-auto my-20 px-4 xl:px-0 text-darkGreen flex flex-col items-center justify-center\">\n    <div class=\"flex flex-col items-center justify-center gap-12 lg:gap-24 lg:justify-between lg:flex-row-reverse md:pl-12\">\n                                    <div class=\"w-full lg:w-1\/2 mx-auto\">\n                    <div class=\"aspect-square w-full overflow-hidden rounded-2xl\">\n                        <picture class=\"w-full h-full block\">\n                                                            <source media=\"(max-width: 767px)\" srcset=\"https:\/\/images.ohmyhosting.se\/nn7ORn06o1qoxE0tKntgCv4EicA=\/1400x1400\/smart\/filters:format(webp):quality(90):sharpen(0.25,0.5,true)\/https%3A%2F%2Feffiraenergy.com%2Fwp-content%2Fuploads%2Fsites%2F3%2F2026%2F04%2Fexaktstyrning-scaled.png\">\n                                                        <img decoding=\"async\" src=\"https:\/\/images.ohmyhosting.se\/nn7ORn06o1qoxE0tKntgCv4EicA=\/1400x1400\/smart\/filters:format(webp):quality(90):sharpen(0.25,0.5,true)\/https%3A%2F%2Feffiraenergy.com%2Fwp-content%2Fuploads%2Fsites%2F3%2F2026%2F04%2Fexaktstyrning-scaled.png\" alt=\"\"\n                                class=\"w-full h-full object-cover\"\n                                loading=\"lazy\" \/>\n                        <\/picture>\n                    <\/div>\n                <\/div>\n                            <div class=\"w-full lg:w-1\/2 max-w-xl flex flex-col gap-8 items-start sm:items-center lg:items-start justify-center text-left sm:text-center lg:text-left\">\n                            <h2 class=\"heading-lg\">Exakt m\u00e4tning f\u00f6r exakt styrning av v\u00e4rme och varmvatten<\/h2>\n                                        <div class=\"wysiwyg body-md leading-[140%]\"><p>Effira OPTi m\u00e4ter ditt hems faktiska energif\u00f6rbrukning i realtid \u2013 den gissar inte. Den exakta m\u00e4tningen g\u00f6r att OPTi kan styra v\u00e4rme och varmvatten med h\u00f6g precision, baserat p\u00e5 hur energin faktiskt anv\u00e4nds i just ditt hem.<\/p>\n<p>Det ger en mer tr\u00e4ffs\u00e4ker styrning, automatisk hantering av effekttoppar och l\u00e4gre elkostnader. I appen ser du hush\u00e5llets energif\u00f6rbrukning timme f\u00f6r timme. Har du solceller visas \u00e4ven egenproduktion och eventuellt \u00f6verskott \u2013 medan OPTi sk\u00f6ter styrningen automatiskt i bakgrunden.<\/p>\n<\/div>\n                                <\/div>\n    <\/div>\n<\/div>\n\n\n<div data-block=\"image-and-text\"  class=\"content-container container mx-auto my-20 px-4 xl:px-0 text-darkGreen flex flex-col items-center justify-center\">\n    <div class=\"flex flex-col items-center justify-center gap-12 lg:gap-24 lg:justify-between lg:flex-row md:pr-12\">\n                                    <div class=\"w-full lg:w-1\/2 mx-auto\">\n                    <div class=\"aspect-square w-full overflow-hidden rounded-2xl\">\n                        <picture class=\"w-full h-full block\">\n                                                            <source media=\"(max-width: 767px)\" srcset=\"https:\/\/images.ohmyhosting.se\/65XC5qje_mxWyrhlHCOkzAWw-4I=\/1400x1400\/smart\/filters:format(webp):quality(90):sharpen(0.25,0.5,true)\/https%3A%2F%2Feffiraenergy.com%2Fwp-content%2Fuploads%2Fsites%2F3%2F2026%2F04%2Feffektstyrning-scaled.png\">\n                                                        <img decoding=\"async\" src=\"https:\/\/images.ohmyhosting.se\/65XC5qje_mxWyrhlHCOkzAWw-4I=\/1400x1400\/smart\/filters:format(webp):quality(90):sharpen(0.25,0.5,true)\/https%3A%2F%2Feffiraenergy.com%2Fwp-content%2Fuploads%2Fsites%2F3%2F2026%2F04%2Feffektstyrning-scaled.png\" alt=\"\"\n                                class=\"w-full h-full object-cover\"\n                                loading=\"lazy\" \/>\n                        <\/picture>\n                    <\/div>\n                <\/div>\n                            <div class=\"w-full lg:w-1\/2 max-w-xl flex flex-col gap-8 items-start sm:items-center lg:items-start justify-center text-left sm:text-center lg:text-left\">\n                            <h2 class=\"heading-lg\">Effektstyrning med precision<\/h2>\n                                        <div class=\"wysiwyg body-md leading-[140%]\"><p>All styrning sker enligt v\u00e4rmepumpstillverkarens rekommendationer och p\u00e5verkar inte v\u00e4rmepumpens garantier.<\/p>\n<p>Effira OPTi installeras med effektkl\u00e4mmor direkt p\u00e5 din v\u00e4rmepump. Det g\u00f6r att systemet vet exakt n\u00e4r pumpen v\u00e4rmer, bromsar eller st\u00e5r still \u2013 till skillnad fr\u00e5n andra l\u00f6sningar som ofta gissar sig fram.<\/p>\n<p>Den exakta m\u00e4tningen g\u00f6r att styrningen av v\u00e4rme och varmvatten blir optimal, besparingen maximal och tekniken utnyttjas fullt ut.<\/p>\n<\/div>\n                                <\/div>\n    <\/div>\n<\/div>\n\n\n<div data-block=\"image-and-text\"  class=\"content-container container mx-auto my-20 px-4 xl:px-0 text-darkGreen flex flex-col items-center justify-center\">\n    <div class=\"flex flex-col items-center justify-center gap-12 lg:gap-24 lg:justify-between lg:flex-row-reverse md:pl-12\">\n                                    <div class=\"w-full lg:w-1\/2 mx-auto\">\n                    <div class=\"aspect-square w-full overflow-hidden rounded-2xl\">\n                        <picture class=\"w-full h-full block\">\n                                                            <source media=\"(max-width: 767px)\" srcset=\"https:\/\/images.ohmyhosting.se\/65XC5qje_mxWyrhlHCOkzAWw-4I=\/1400x1400\/smart\/filters:format(webp):quality(90):sharpen(0.25,0.5,true)\/https%3A%2F%2Feffiraenergy.com%2Fwp-content%2Fuploads%2Fsites%2F3%2F2026%2F04%2Feffektstyrning-scaled.png\">\n                                                        <img decoding=\"async\" src=\"https:\/\/images.ohmyhosting.se\/65XC5qje_mxWyrhlHCOkzAWw-4I=\/1400x1400\/smart\/filters:format(webp):quality(90):sharpen(0.25,0.5,true)\/https%3A%2F%2Feffiraenergy.com%2Fwp-content%2Fuploads%2Fsites%2F3%2F2026%2F04%2Feffektstyrning-scaled.png\" alt=\"\"\n                                class=\"w-full h-full object-cover\"\n                                loading=\"lazy\" \/>\n                        <\/picture>\n                    <\/div>\n                <\/div>\n                            <div class=\"w-full lg:w-1\/2 max-w-xl flex flex-col gap-8 items-start sm:items-center lg:items-start justify-center text-left sm:text-center lg:text-left\">\n                            <h2 class=\"heading-lg\">V\u00e4rme och varmvatten \u2013 helt optimerat<\/h2>\n                                        <div class=\"wysiwyg body-md leading-[140%]\"><p>Till skillnad fr\u00e5n m\u00e5nga andra smarta v\u00e4rmesystem styr OPTi b\u00e5de uppv\u00e4rmning och varmvatten. Det g\u00f6r stor skillnad \u2013 varmvatten st\u00e5r ofta f\u00f6r 25\u201330 % av ett hush\u00e5lls totala energif\u00f6rbrukning.<\/p>\n<p>OPTi planerar automatiskt n\u00e4r varmvatten ska produceras f\u00f6r att maximera besparingen, utan att tumma p\u00e5 komforten. I appen kan du enkelt v\u00e4lja balansen mellan komfort och prisoptimering \u2013 ju mer du optimerar, desto st\u00f6rre blir besparingen.<\/p>\n<\/div>\n                                <\/div>\n    <\/div>\n<\/div>\n\n\n<div data-block=\"image-and-text\"  class=\"content-container container mx-auto my-20 px-4 xl:px-0 text-darkGreen flex flex-col items-center justify-center\">\n    <div class=\"flex flex-col items-center justify-center gap-12 lg:gap-24 lg:justify-between lg:flex-row md:pr-12\">\n                                    <div class=\"w-full lg:w-1\/2 mx-auto\">\n                    <div class=\"aspect-square w-full overflow-hidden rounded-2xl\">\n                        <picture class=\"w-full h-full block\">\n                                                            <source media=\"(max-width: 767px)\" srcset=\"https:\/\/images.ohmyhosting.se\/Zaxtc03wFC0ksXXtfIW9LGvgqpI=\/1400x1400\/smart\/filters:format(webp):quality(90):sharpen(0.25,0.5,true)\/https%3A%2F%2Feffiraenergy.com%2Fwp-content%2Fuploads%2Fsites%2F3%2F2026%2F04%2Finomhusklimat-scaled.png\">\n                                                        <img decoding=\"async\" src=\"https:\/\/images.ohmyhosting.se\/Zaxtc03wFC0ksXXtfIW9LGvgqpI=\/1400x1400\/smart\/filters:format(webp):quality(90):sharpen(0.25,0.5,true)\/https%3A%2F%2Feffiraenergy.com%2Fwp-content%2Fuploads%2Fsites%2F3%2F2026%2F04%2Finomhusklimat-scaled.png\" alt=\"\"\n                                class=\"w-full h-full object-cover\"\n                                loading=\"lazy\" \/>\n                        <\/picture>\n                    <\/div>\n                <\/div>\n                            <div class=\"w-full lg:w-1\/2 max-w-xl flex flex-col gap-8 items-start sm:items-center lg:items-start justify-center text-left sm:text-center lg:text-left\">\n                            <h2 class=\"heading-lg\">J\u00e4mnt och behagligt inomhusklimat \u2013 automatiskt<\/h2>\n                                        <div class=\"wysiwyg body-md leading-[140%]\"><p>OPTi installeras med en inomhussensor som m\u00e4ter temperaturen i realtid. Det g\u00f6r styrningen \u00e4nnu mer exakt och hj\u00e4lper systemet att spara energi utan att tumma p\u00e5 komforten.<\/p>\n<p>I appen ser du hur temperaturen utvecklas \u00f6ver dygnet och f\u00e5r full kontroll \u00f6ver inomhusklimatet i ditt hem. Allt sker automatiskt i bakgrunden \u2013 f\u00f6r ett j\u00e4mnt, behagligt och energieffektivt inomhusklimat, utan att du beh\u00f6ver g\u00f6ra n\u00e5got sj\u00e4lv.<\/p>\n<\/div>\n                                <\/div>\n    <\/div>\n<\/div>\n\n\n<div data-block=\"image-and-text\"  class=\"content-container container mx-auto my-20 px-4 xl:px-0 text-darkGreen flex flex-col items-center justify-center\">\n    <div class=\"flex flex-col items-center justify-center gap-12 lg:gap-24 lg:justify-between lg:flex-row-reverse md:pl-12\">\n                                    <div class=\"w-full lg:w-1\/2 mx-auto\">\n                    <div class=\"aspect-square w-full overflow-hidden rounded-2xl\">\n                        <picture class=\"w-full h-full block\">\n                                                            <source media=\"(max-width: 767px)\" srcset=\"https:\/\/images.ohmyhosting.se\/GIghbHsTtG4KPD7LnpPMXrD7Xy0=\/1400x1400\/smart\/filters:format(webp):quality(90):sharpen(0.25,0.5,true)\/https%3A%2F%2Feffiraenergy.com%2Fwp-content%2Fuploads%2Fsites%2F3%2F2026%2F04%2Finstallningar-scaled.png\">\n                                                        <img decoding=\"async\" src=\"https:\/\/images.ohmyhosting.se\/GIghbHsTtG4KPD7LnpPMXrD7Xy0=\/1400x1400\/smart\/filters:format(webp):quality(90):sharpen(0.25,0.5,true)\/https%3A%2F%2Feffiraenergy.com%2Fwp-content%2Fuploads%2Fsites%2F3%2F2026%2F04%2Finstallningar-scaled.png\" alt=\"\"\n                                class=\"w-full h-full object-cover\"\n                                loading=\"lazy\" \/>\n                        <\/picture>\n                    <\/div>\n                <\/div>\n                            <div class=\"w-full lg:w-1\/2 max-w-xl flex flex-col gap-8 items-start sm:items-center lg:items-start justify-center text-left sm:text-center lg:text-left\">\n                            <h2 class=\"heading-lg\">Anpassad efter dig \u2013 OPTi l\u00e4r sig ditt hem<\/h2>\n                                        <div class=\"wysiwyg body-md leading-[140%]\"><p>OPTi styr automatiskt efter elpriset och anpassar styrningen efter just ditt hus. Genom kontinuerlig m\u00e4tning vet OPTi n\u00e4r effekt ska anv\u00e4ndas och hur styrningen ska optimeras f\u00f6r att fungera s\u00e5 effektivt som m\u00f6jligt.<\/p>\n<p>I appen kan du enkelt v\u00e4lja hur aktiv styrningen ska vara och vilken komfortniv\u00e5 du f\u00f6redrar. N\u00e4r allt \u00e4r inst\u00e4llt sk\u00f6ter OPTi arbetet i bakgrunden \u2013 s\u00e5 att du f\u00e5r maximal besparing utan att tumma p\u00e5 bekv\u00e4mligheten.<\/p>\n<\/div>\n                                <\/div>\n    <\/div>\n<\/div>\n\n\n<div data-block=\"cta-text\"  class=\"container mx-auto  px-4 xl:px-0 mb-12\">\n    <div class=\"w-full bg-lightGreen rounded-3xl\">\n        <div class=\"max-w-xl mx-auto flex flex-col gap-6 rounded-3xl p-8 lg:p-16 \">\n                            <h3 class=\"heading-lg text-center px-4 lg:px-0\">S\u00e5h\u00e4r optimerar Effira OPTi din v\u00e4rmepump<\/h3>\n                                                    <div class=\"flex justify-center\">\n                    <a href=\"https:\/\/effiraenergy.com\/se\/optimera-varmepumpen\" class=\"secondary-button flex items-center gap-3 justify-center\">\n                        L\u00e4s mer\n                    <\/a>\n                <\/div>\n                    <\/div>\n    <\/div>\n<\/div>\n","protected":false},"excerpt":{"rendered":"","protected":false},"author":1,"featured_media":0,"parent":0,"menu_order":0,"comment_status":"closed","ping_status":"closed","template":"","meta":{"_acf_changed":false,"footnotes":""},"class_list":["post-592","page","type-page","status-publish","hentry"],"acf":[],"_links":{"self":[{"href":"https:\/\/effiraenergy.com\/se\/wp-json\/wp\/v2\/pages\/592","targetHints":{"allow":["GET"]}}],"collection":[{"href":"https:\/\/effiraenergy.com\/se\/wp-json\/wp\/v2\/pages"}],"about":[{"href":"https:\/\/effiraenergy.com\/se\/wp-json\/wp\/v2\/types\/page"}],"author":[{"embeddable":true,"href":"https:\/\/effiraenergy.com\/se\/wp-json\/wp\/v2\/users\/1"}],"replies":[{"embeddable":true,"href":"https:\/\/effiraenergy.com\/se\/wp-json\/wp\/v2\/comments?post=592"}],"version-history":[{"count":47,"href":"https:\/\/effiraenergy.com\/se\/wp-json\/wp\/v2\/pages\/592\/revisions"}],"predecessor-version":[{"id":4690,"href":"https:\/\/effiraenergy.com\/se\/wp-json\/wp\/v2\/pages\/592\/revisions\/4690"}],"wp:attachment":[{"href":"https:\/\/effiraenergy.com\/se\/wp-json\/wp\/v2\/media?parent=592"}],"curies":[{"name":"wp","href":"https:\/\/api.w.org\/{rel}","templated":true}]}}