
{"id":575,"date":"2025-11-13T08:46:30","date_gmt":"2025-11-13T08:46:30","guid":{"rendered":"https:\/\/effiraenergy.com\/se\/?page_id=575"},"modified":"2026-04-29T15:56:45","modified_gmt":"2026-04-29T13:56:45","slug":"hem","status":"publish","type":"page","link":"https:\/\/effiraenergy.com\/se\/","title":{"rendered":"Hem"},"content":{"rendered":"<div data-block=\"frontpage-hero\"\n        class=\"relative w-screen h-[600px] lg:h-[760px] text-left text-white flex items-center justify-start  px-4 lg:px-0 pt-4 lg:pt-0 overflow-visible mb-12 md:mb-16\">\n            <div class=\"absolute inset-0\">\n            <picture class=\"w-full h-full block\">\n                                    <source media=\"(max-width: 767px)\" srcset=\"https:\/\/images.ohmyhosting.se\/AWJkTepCVKQ1cEwUB3YlLABftL8=\/1440x658\/smart\/filters:format(webp):quality(85):sharpen(0.25,0.5,true)\/https%3A%2F%2Feffiraenergy.com%2Fwp-content%2Fuploads%2Fsites%2F3%2F2026%2F01%2FFirefly_add-a-10-year-old-child-and-a-dog-553017-1.jpg\">\n                                <img decoding=\"async\" src=\"https:\/\/images.ohmyhosting.se\/AWJkTepCVKQ1cEwUB3YlLABftL8=\/1440x658\/smart\/filters:format(webp):quality(85):sharpen(0.25,0.5,true)\/https%3A%2F%2Feffiraenergy.com%2Fwp-content%2Fuploads%2Fsites%2F3%2F2026%2F01%2FFirefly_add-a-10-year-old-child-and-a-dog-553017-1.jpg\" alt=\"\"\n                    class=\"w-full h-full object-cover object-center\" fetchpriority=\"high\" \/>\n            <\/picture>\n        <\/div>\n        <!-- Mild overlay for all screens -->\n    <div class=\"absolute inset-0 bg-black\/20 z-10\"><\/div>\n    <!-- Mobile: Full image overlay -->\n    <div class=\"absolute inset-0 bg-black\/30 xl:hidden\"><\/div>\n\n    <div class=\"container relative z-10 mx-auto flex flex-col items-start justify-start h-full\">\n                    <a href=\"https:\/\/effiraenergy.com\/se\/rakna-ut-din-besparing\/\" class=\"cursor-pointer\">\n                    <div\n                class=\"relative z-10 max-w-[687px] max-h-fit lg:rounded-3xl lg:py-[20px] lg:px-[56px] mt-2 lg:mt-8 top-12 lg:top-20\">\n                <!-- Desktop: Shadowed text box overlay -->\n                <div class=\"absolute inset-0 bg-black lg:rounded-3xl shadow-2xl hidden xl:block\"\n                    style=\"opacity: 0.4\"><\/div>\n                <div class=\"relative z-20 py-8 md:p-0 md:pb-8 flex flex-col justify-start \">\n                                            <h1 class=\"heading-xxl text-lightGreen\">Ta kontroll \u00f6ver din v\u00e4rmepump.<\/h1>\n                                                                <div class=\"relative mb-6\">\n                            <p class=\"heading-xxl text-lightGreen break-words hyphens-none\">\n                                                                <span class=\"relative inline-block whitespace-nowrap\">\n                                                                        <span class=\"relative z-10\">Spara<\/span>\n                                <\/span>\n                                                                    <span class=\"whitespace-normal\"> tusenlappar utan anstr\u00e4ngning med bibeh\u00e5llen komfort.<\/span>\n                                                            <\/p>\n                        <\/div>\n                                                                <div class=\"wysiwyg body-lg mb-6 max-w-[575px]\"><p>OPTi styr produktionen av v\u00e4rme och varmvatten till tider n\u00e4r elen \u00e4r som billigast.<\/p>\n<\/div>\n                                        <div class=\"relative flex flex-col items-start\">\n                                                    <div>\n                                <a href=\"https:\/\/effiraenergy.com\/se\/rakna-ut-din-besparing\/\"\n                                    class=\"primary-button text-black flex items-center gap-4 justify-center\">\n                                    R\u00e4kna ut din besparing\n                                    <svg xmlns=\"http:\/\/www.w3.org\/2000\/svg\" width=\"9\" height=\"14\"\n                                        viewBox=\"0 0 9 14\" fill=\"none\">\n                                        <path d=\"M1 1L7 6.99809L0.999999 13\" stroke=\"#000\" stroke-width=\"2\"\n                                            stroke-miterlimit=\"10\" stroke-linecap=\"round\" \/>\n                                    <\/svg>\n                                <\/a>\n                            <\/div>\n\n\n                            <!-- Trustpilot right after the button -->\n                            \n                                                            <div class=\"trustpilot-widget mt-4 block lg:hidden\" data-locale=\"sv-SE\"\n                                    data-template-id=\"5419b637fa0340045cd0c936\"\n                                    data-businessunit-id=\"68d0025886bd000b352997c6\" data-style-height=\"24px\"\n                                    data-style-width=\"100%\" data-theme=\"dark\">\n                                    <a href=\"https:\/\/www.trustpilot.com\/review\/\" target=\"_blank\" rel=\"noopener\">\n                                        Trustpilot\n                                    <\/a>\n                                <\/div>\n                                                                                                        <div\n                                class=\"flex flex-row items-start mt-2 gap-1 relative inset-[72%] sm:inset-[35%] -top-10\">\n                                <svg xmlns=\"http:\/\/www.w3.org\/2000\/svg\" width=\"22\" height=\"29\"\n                                    viewBox=\"0 0 22 29\" fill=\"none\">\n                                    <path\n                                        d=\"M1 1.05811C1.3808 2.59746 1.90022 4.49583 3.0427 7.76224C3.80573 9.94377 5.16736 13.1065 6.56963 15.7537C7.97191 18.4008 9.43148 20.4154 10.9973 22.096C12.5632 23.7766 14.191 25.0623 15.585 25.9159C16.9789 26.7695 18.0896 27.1522 18.8411 27.3697C19.5926 27.5872 19.9513 27.628 20.3209 27.6699\"\n                                        stroke=\"#D0E7E2\" stroke-width=\"2\" stroke-linecap=\"round\" \/>\n                                <\/svg>\n                                <div\n                                    class=\"font-marker max-w-[74px] leading-[17px] rotate-[8.8deg] mt-5 text-lightGreen\">\n                                    B\u00f6rja h\u00e4r!<\/div>\n                            <\/div>\n                                            <\/div>\n                <\/div>\n            <\/div>\n                    <\/a>\n                    <\/div>\n<\/div>\n\n\n<div data-block=\"image-and-text\"  class=\"content-container container mx-auto my-20 px-4 xl:px-0 text-darkGreen flex flex-col items-center justify-center\">\n    <div class=\"flex flex-col items-center justify-center gap-12 lg:gap-24 lg:justify-between lg:flex-row md:pr-12\">\n                                    <div class=\"w-full lg:w-1\/2 mx-auto\">\n                    <div class=\"aspect-square w-full overflow-hidden rounded-2xl\">\n                        <picture class=\"w-full h-full block\">\n                                                            <source media=\"(max-width: 767px)\" srcset=\"https:\/\/images.ohmyhosting.se\/XhA5G1-yIBopkRfJFclayFcId44=\/1400x1400\/smart\/filters:format(webp):quality(90):sharpen(0.25,0.5,true)\/https%3A%2F%2Feffiraenergy.com%2Fwp-content%2Fuploads%2Fsites%2F3%2F2026%2F03%2FFirefly_Gor-huset-mer-at-det-vita-hallet-inte-rott-778917.png\">\n                                                        <img decoding=\"async\" src=\"https:\/\/images.ohmyhosting.se\/XhA5G1-yIBopkRfJFclayFcId44=\/1400x1400\/smart\/filters:format(webp):quality(90):sharpen(0.25,0.5,true)\/https%3A%2F%2Feffiraenergy.com%2Fwp-content%2Fuploads%2Fsites%2F3%2F2026%2F03%2FFirefly_Gor-huset-mer-at-det-vita-hallet-inte-rott-778917.png\" alt=\"\"\n                                class=\"w-full h-full object-cover\"\n                                loading=\"lazy\" \/>\n                        <\/picture>\n                    <\/div>\n                <\/div>\n                            <div class=\"w-full lg:w-1\/2 max-w-xl flex flex-col gap-8 items-start sm:items-center lg:items-start justify-center text-left sm:text-center lg:text-left\">\n                            <h2 class=\"heading-lg\">Pumpen jobbar n\u00e4r elen \u00e4r som dyrast<\/h2>\n                                        <div class=\"wysiwyg body-md leading-[140%]\"><p>De flesta v\u00e4rmepumpar styrs enbart efter temperatur och tar inte h\u00e4nsyn till timvisa elpriser eller effekttoppar.<\/p>\n<p>Det inneb\u00e4r att huset v\u00e4rms n\u00e4r elen \u00e4r som dyrast, trots att v\u00e4rme och varmvatten hade kunnat produceras billigare vid andra tider och lagras i huset.<\/p>\n<p>Med huset som v\u00e4rmebatteri kan du h\u00e5lla nere elkostnaden med bibeh\u00e5llen komfort.<\/p>\n<\/div>\n                                <\/div>\n    <\/div>\n<\/div>\n\n\n<div data-block=\"image-and-text\"  class=\"content-container container mx-auto my-20 px-4 xl:px-0 text-darkGreen flex flex-col items-center justify-center\">\n    <div class=\"flex flex-col items-center justify-center gap-12 lg:gap-24 lg:justify-between lg:flex-row-reverse md:pl-12\">\n                                    <div class=\"w-full lg:w-1\/2 mx-auto\">\n                    <div class=\"aspect-square w-full overflow-hidden rounded-2xl\">\n                        <picture class=\"w-full h-full block\">\n                                                            <source media=\"(max-width: 767px)\" srcset=\"https:\/\/images.ohmyhosting.se\/jytCVOospTW8FMzvAqMeZIp-BBE=\/1400x1400\/smart\/filters:format(webp):quality(90):sharpen(0.25,0.5,true)\/https%3A%2F%2Feffiraenergy.com%2Fwp-content%2Fuploads%2Fsites%2F3%2F2026%2F03%2FUtan-anstrangning.jpg\">\n                                                        <img decoding=\"async\" src=\"https:\/\/images.ohmyhosting.se\/jytCVOospTW8FMzvAqMeZIp-BBE=\/1400x1400\/smart\/filters:format(webp):quality(90):sharpen(0.25,0.5,true)\/https%3A%2F%2Feffiraenergy.com%2Fwp-content%2Fuploads%2Fsites%2F3%2F2026%2F03%2FUtan-anstrangning.jpg\" alt=\"\"\n                                class=\"w-full h-full object-cover\"\n                                loading=\"lazy\" \/>\n                        <\/picture>\n                    <\/div>\n                <\/div>\n                            <div class=\"w-full lg:w-1\/2 max-w-xl flex flex-col gap-8 items-start sm:items-center lg:items-start justify-center text-left sm:text-center lg:text-left\">\n                            <h2 class=\"heading-lg\">L\u00e4gre elr\u00e4kning utan anstr\u00e4ngning<\/h2>\n                                        <div class=\"wysiwyg body-md leading-[140%]\"><p>I en miljon svenska villor finns redan det som beh\u00f6vs f\u00f6r att s\u00e4nka elr\u00e4kningen rej\u00e4lt: en vattenburen v\u00e4rmepump.<\/p>\n<p>Det enda som saknas \u00e4r smart styrning av v\u00e4rmepumpen. Det \u00e4r precis det som Effira OPTi hj\u00e4lper dig med &#8211; aktiv styrning av din v\u00e4rmepump i realtid.<\/p>\n<p>OPTi ger dig l\u00e4gre energikostnader \u2013 i de flesta hush\u00e5ll upp till 30 %.<\/p>\n<\/div>\n                                <\/div>\n    <\/div>\n<\/div>\n\n\n<div data-block=\"three-column-card\"  class=\"container mx-auto px-4 xl:px-0 mb-20 flex flex-col items-start lg:items-center overflow-hidden\">\n    <div class=\"max-w-7xl mx-auto text-center mb-8 !text-darkGreen\">\n                    <h2 class=\"heading-lg mb-4\">S\u00e4nk dina elkostnader \u2013 utan att kompromissa med komforten<\/h2>\n                    <\/div>\n    <!-- Desktop: Grid layout -->\n    <div class=\"hidden lg:flex flex-row gap-4 w-fit justify-items-center\">\n                                    <div class=\"overflow-hidden flex flex-col h-full w-[368px]\">\n                                                                        <div class=\"w-full h-[333px] rounded-3xl overflow-hidden\">\n                                <picture>\n                                                                            <source media=\"(max-width: 767px)\" srcset=\"https:\/\/images.ohmyhosting.se\/kJHwllbneE2xAmXF-klNQuQXMUU=\/368x333\/smart\/filters:format(webp):quality(85):sharpen(0.25,0.5,true)\/https%3A%2F%2Feffiraenergy.com%2Fwp-content%2Fuploads%2Fsites%2F3%2F2026%2F03%2FFirefly_Brighter-light-outside-742912.png\">\n                                                                        <img decoding=\"async\" src=\"https:\/\/images.ohmyhosting.se\/kJHwllbneE2xAmXF-klNQuQXMUU=\/368x333\/smart\/filters:format(webp):quality(85):sharpen(0.25,0.5,true)\/https%3A%2F%2Feffiraenergy.com%2Fwp-content%2Fuploads%2Fsites%2F3%2F2026%2F03%2FFirefly_Brighter-light-outside-742912.png\" alt=\"\" class=\"w-full h-full object-cover\" loading=\"lazy\" \/>\n                                <\/picture>\n                            <\/div>\n                                                                <div class=\"flex flex-col  py-4 text-darkGreen\">\n                                                    <h3 class=\"heading-sm mb-3\">Garanterad komfort<\/h3>\n                                                                            <div class=\"wysiwyg body-md  mb-4 pr-6\"><p>OPTi agerar aldrig om det riskerar att p\u00e5verka temperaturen i ditt hem. Det enda du kommer att m\u00e4rka \u00e4r att du f\u00e5r en betydligt l\u00e4gre elr\u00e4kning.<\/p>\n<\/div>\n                                                                    <\/div>\n                <\/div>\n                            <div class=\"overflow-hidden flex flex-col h-full w-[368px]\">\n                                                                        <div class=\"w-full h-[333px] rounded-3xl overflow-hidden\">\n                                <picture>\n                                                                            <source media=\"(max-width: 767px)\" srcset=\"https:\/\/images.ohmyhosting.se\/vN4LdQAmYUFGxrRcY8_TrFvFuYE=\/368x333\/smart\/filters:format(webp):quality(85):sharpen(0.25,0.5,true)\/https%3A%2F%2Feffiraenergy.com%2Fwp-content%2Fuploads%2Fsites%2F3%2F2026%2F03%2FElrakning.jpg\">\n                                                                        <img decoding=\"async\" src=\"https:\/\/images.ohmyhosting.se\/vN4LdQAmYUFGxrRcY8_TrFvFuYE=\/368x333\/smart\/filters:format(webp):quality(85):sharpen(0.25,0.5,true)\/https%3A%2F%2Feffiraenergy.com%2Fwp-content%2Fuploads%2Fsites%2F3%2F2026%2F03%2FElrakning.jpg\" alt=\"\" class=\"w-full h-full object-cover\" loading=\"lazy\" \/>\n                                <\/picture>\n                            <\/div>\n                                                                <div class=\"flex flex-col  py-4 text-darkGreen\">\n                                                    <h3 class=\"heading-sm mb-3\">Spara 6 \u2013 12 000 kr per \u00e5r<\/h3>\n                                                                            <div class=\"wysiwyg body-md  mb-4 pr-6\"><p>OPTi analyserar elpriset 96 g\u00e5nger per dygn och flyttar produktion av v\u00e4rme och varm- vatten till billigare timmar. Effekttoppar kapas, n\u00e4tkostnaden sjunker.<\/p>\n<\/div>\n                                                                    <\/div>\n                <\/div>\n                            <div class=\"overflow-hidden flex flex-col h-full w-[368px]\">\n                                                                        <div class=\"w-full h-[333px] rounded-3xl overflow-hidden\">\n                                <picture>\n                                                                            <source media=\"(max-width: 767px)\" srcset=\"https:\/\/images.ohmyhosting.se\/omjlO1xTtJDisWlmxpnn576XEb8=\/368x333\/smart\/filters:format(webp):quality(85):sharpen(0.25,0.5,true)\/https%3A%2F%2Feffiraenergy.com%2Fwp-content%2Fuploads%2Fsites%2F3%2F2026%2F03%2FInstallation-Effira.jpg\">\n                                                                        <img decoding=\"async\" src=\"https:\/\/images.ohmyhosting.se\/omjlO1xTtJDisWlmxpnn576XEb8=\/368x333\/smart\/filters:format(webp):quality(85):sharpen(0.25,0.5,true)\/https%3A%2F%2Feffiraenergy.com%2Fwp-content%2Fuploads%2Fsites%2F3%2F2026%2F03%2FInstallation-Effira.jpg\" alt=\"\" class=\"w-full h-full object-cover\" loading=\"lazy\" \/>\n                                <\/picture>\n                            <\/div>\n                                                                <div class=\"flex flex-col  py-4 text-darkGreen\">\n                                                    <h3 class=\"heading-sm mb-3\">Du best\u00e4ller \u2013 vi l\u00f6ser resten<\/h3>\n                                                                            <div class=\"wysiwyg body-md  mb-4 pr-6\"><p>En Effira-tekniker kopplar in OPTi p\u00e5 din befintliga v\u00e4rmepump. Ingen ombyggnad, inga inst\u00e4llningar. Fungerar med 95% av alla vattenburna v\u00e4rmepumpar.<\/p>\n<\/div>\n                                                                    <\/div>\n                <\/div>\n                        <\/div>\n\n    <!-- Mobile: Swiper layout -->\n    <div class=\"lg:hidden w-full\">\n        <div class=\"swiper three-column-swiper\">\n            <div class=\"swiper-wrapper\">\n                                                            <div class=\"swiper-slide\">\n                            <div class=\"overflow-hidden flex flex-col h-full max-w-[368px] mx-auto\">\n                                                                                                            <div class=\"w-full h-[333px] rounded-3xl overflow-hidden\">\n                                            <picture>\n                                                                                                    <source media=\"(max-width: 767px)\" srcset=\"https:\/\/images.ohmyhosting.se\/kJHwllbneE2xAmXF-klNQuQXMUU=\/368x333\/smart\/filters:format(webp):quality(85):sharpen(0.25,0.5,true)\/https%3A%2F%2Feffiraenergy.com%2Fwp-content%2Fuploads%2Fsites%2F3%2F2026%2F03%2FFirefly_Brighter-light-outside-742912.png\">\n                                                                                                <img decoding=\"async\" src=\"https:\/\/images.ohmyhosting.se\/kJHwllbneE2xAmXF-klNQuQXMUU=\/368x333\/smart\/filters:format(webp):quality(85):sharpen(0.25,0.5,true)\/https%3A%2F%2Feffiraenergy.com%2Fwp-content%2Fuploads%2Fsites%2F3%2F2026%2F03%2FFirefly_Brighter-light-outside-742912.png\" alt=\"\" class=\"w-full h-full object-cover\" loading=\"lazy\" \/>\n                                            <\/picture>\n                                        <\/div>\n                                                                                                    <div class=\"flex flex-col py-4 text-darkGreen\">\n                                                                            <h3 class=\"heading-sm mb-3\">Garanterad komfort<\/h3>\n                                                                                                                <div class=\"wysiwyg body-md  mb-4  pr-6\"><p>OPTi agerar aldrig om det riskerar att p\u00e5verka temperaturen i ditt hem. Det enda du kommer att m\u00e4rka \u00e4r att du f\u00e5r en betydligt l\u00e4gre elr\u00e4kning.<\/p>\n<\/div>\n                                                                                                        <\/div>\n                            <\/div>\n                        <\/div>\n                                            <div class=\"swiper-slide\">\n                            <div class=\"overflow-hidden flex flex-col h-full max-w-[368px] mx-auto\">\n                                                                                                            <div class=\"w-full h-[333px] rounded-3xl overflow-hidden\">\n                                            <picture>\n                                                                                                    <source media=\"(max-width: 767px)\" srcset=\"https:\/\/images.ohmyhosting.se\/vN4LdQAmYUFGxrRcY8_TrFvFuYE=\/368x333\/smart\/filters:format(webp):quality(85):sharpen(0.25,0.5,true)\/https%3A%2F%2Feffiraenergy.com%2Fwp-content%2Fuploads%2Fsites%2F3%2F2026%2F03%2FElrakning.jpg\">\n                                                                                                <img decoding=\"async\" src=\"https:\/\/images.ohmyhosting.se\/vN4LdQAmYUFGxrRcY8_TrFvFuYE=\/368x333\/smart\/filters:format(webp):quality(85):sharpen(0.25,0.5,true)\/https%3A%2F%2Feffiraenergy.com%2Fwp-content%2Fuploads%2Fsites%2F3%2F2026%2F03%2FElrakning.jpg\" alt=\"\" class=\"w-full h-full object-cover\" loading=\"lazy\" \/>\n                                            <\/picture>\n                                        <\/div>\n                                                                                                    <div class=\"flex flex-col py-4 text-darkGreen\">\n                                                                            <h3 class=\"heading-sm mb-3\">Spara 6 \u2013 12 000 kr per \u00e5r<\/h3>\n                                                                                                                <div class=\"wysiwyg body-md  mb-4  pr-6\"><p>OPTi analyserar elpriset 96 g\u00e5nger per dygn och flyttar produktion av v\u00e4rme och varm- vatten till billigare timmar. Effekttoppar kapas, n\u00e4tkostnaden sjunker.<\/p>\n<\/div>\n                                                                                                        <\/div>\n                            <\/div>\n                        <\/div>\n                                            <div class=\"swiper-slide\">\n                            <div class=\"overflow-hidden flex flex-col h-full max-w-[368px] mx-auto\">\n                                                                                                            <div class=\"w-full h-[333px] rounded-3xl overflow-hidden\">\n                                            <picture>\n                                                                                                    <source media=\"(max-width: 767px)\" srcset=\"https:\/\/images.ohmyhosting.se\/omjlO1xTtJDisWlmxpnn576XEb8=\/368x333\/smart\/filters:format(webp):quality(85):sharpen(0.25,0.5,true)\/https%3A%2F%2Feffiraenergy.com%2Fwp-content%2Fuploads%2Fsites%2F3%2F2026%2F03%2FInstallation-Effira.jpg\">\n                                                                                                <img decoding=\"async\" src=\"https:\/\/images.ohmyhosting.se\/omjlO1xTtJDisWlmxpnn576XEb8=\/368x333\/smart\/filters:format(webp):quality(85):sharpen(0.25,0.5,true)\/https%3A%2F%2Feffiraenergy.com%2Fwp-content%2Fuploads%2Fsites%2F3%2F2026%2F03%2FInstallation-Effira.jpg\" alt=\"\" class=\"w-full h-full object-cover\" loading=\"lazy\" \/>\n                                            <\/picture>\n                                        <\/div>\n                                                                                                    <div class=\"flex flex-col py-4 text-darkGreen\">\n                                                                            <h3 class=\"heading-sm mb-3\">Du best\u00e4ller \u2013 vi l\u00f6ser resten<\/h3>\n                                                                                                                <div class=\"wysiwyg body-md  mb-4  pr-6\"><p>En Effira-tekniker kopplar in OPTi p\u00e5 din befintliga v\u00e4rmepump. Ingen ombyggnad, inga inst\u00e4llningar. Fungerar med 95% av alla vattenburna v\u00e4rmepumpar.<\/p>\n<\/div>\n                                                                                                        <\/div>\n                            <\/div>\n                        <\/div>\n                                                <\/div>\n        <\/div>\n    <\/div>\n<\/div>\n\n\n<div data-block=\"steps\"\n        class=\"container mx-auto mb-12 flex flex-col items-start lg:items-center px-4 2xl:px-0\">\n    <div class=\"max-w-7xl mx-auto text-start lg:text-center mb-8 !text-darkGreen lg:px-0\">\n                    <h2 class=\"heading-lg mb-4\">S\u00e5 kommer du ig\u00e5ng med OPTi \u2013 fyra enkla steg<\/h2>\n                    <\/div>\n    <!-- Desktop: Flex layout -->\n    <div class=\"hidden xl:flex xl:flex-row gap-4 px-4 lg:px-0 mb-8 items-stretch justify-center\">\n                                    <div\n                    class=\"flex flex-col items-center gap-y-3 bg-white rounded-3xl px-6 py-10 h-auto justify-center w-[300px] self-stretch\">\n                                            <div class=\"flex items-center justify-center text-orange text-lg font-semibold text-center\">\n                            1\n                        <\/div>\n                                                                <h3 class=\"heading-sm text-center\">Se vad du kan spara<\/h3>\n                                                                <div class=\"wysiwyg body-md text-center\"><p>Anv\u00e4nd Effiras besparingskalkylator och se direkt hur mycket du kan spara \u2013 utan att l\u00e4mna kontaktuppgifter.<\/p>\n<p style=\"text-align: center\"><a style=\"background: #FF8C2D;color: #000000;padding: 12px 22px;border-radius: 20px;text-decoration: none;font-size: 16px;margin: 10px 0;width: 160px\" href=\"https:\/\/effiraenergy.com\/se\/rakna-ut-din-besparing\/\"><span style=\"color: #000000\">R\u00e4kna ut din besparing<\/span><br \/>\n<\/a><\/p>\n<\/div>\n                                    <\/div>\n                            <div\n                    class=\"flex flex-col items-center gap-y-3 bg-white rounded-3xl px-6 py-10 h-auto justify-center w-[300px] self-stretch\">\n                                            <div class=\"flex items-center justify-center text-orange text-lg font-semibold text-center\">\n                            2\n                        <\/div>\n                                                                <h3 class=\"heading-sm text-center\">Vi s\u00e4kerst\u00e4ller kompatibilitet<\/h3>\n                                                                <div class=\"wysiwyg body-md text-center\"><p>OPTi fungerar med 95% av alla vattenburna v\u00e4rmepumpar. Vi s\u00e4kerst\u00e4ller att allt \u00e4r kompa-tibelt innan n\u00e5got skickas.<\/p>\n<p style=\"text-align: center\"><a style=\"background: #FF8C2D;color: #062121;padding: 12px 40px;border-radius: 20px;text-decoration: none;font-size: 16px;margin: 10px 0;width: 160px\" href=\"https:\/\/effiraenergy.com\/se\/kompatibilitet\/\">Kolla kompatibilitet<br \/>\n<\/a><\/p>\n<\/div>\n                                    <\/div>\n                            <div\n                    class=\"flex flex-col items-center gap-y-3 bg-white rounded-3xl px-6 py-10 h-auto justify-center w-[300px] self-stretch\">\n                                            <div class=\"flex items-center justify-center text-orange text-lg font-semibold text-center\">\n                            3\n                        <\/div>\n                                                                <h3 class=\"heading-sm text-center\">Best\u00e4ll \u2013 vi l\u00f6ser resten<\/h3>\n                                                                <div class=\"wysiwyg body-md text-center\"><p>V\u00e4lj mellan att k\u00f6pa eller hyra. V\u00e5r installat\u00f6r kontaktar dig f\u00f6r att boka tid, ser till att allt fungerar som det ska, och installation ing\u00e5r.<\/p>\n<p><a style=\"background: #FF8C2D;color: #062121;padding: 12px 85px;border-radius: 20px;text-decoration: none;font-size: 16px;margin: 10px 0;width: 160px;text-align: center\" href=\"https:\/\/effiraenergy.com\/se\/bestall-opti\/\">Best\u00e4ll<br \/>\n<\/a><\/p>\n<\/div>\n                                    <\/div>\n                            <div\n                    class=\"flex flex-col items-center gap-y-3 bg-white rounded-3xl px-6 py-10 h-auto justify-center w-[300px] self-stretch\">\n                                            <div class=\"flex items-center justify-center text-orange text-lg font-semibold text-center\">\n                            4\n                        <\/div>\n                                                                <h3 class=\"heading-sm text-center\">Full kontroll fr\u00e5n start<\/h3>\n                                                                <div class=\"wysiwyg body-md text-center\"><p>Minska dina kostnader f\u00f6r v\u00e4rme och varmvatten. Styr och f\u00f6lj dina besparingar i appen \u2013 enkelt och tryggt fr\u00e5n start.<\/p>\n<p style=\"text-align: center\"><a style=\"background: #FF8C2D;color: #062121;padding: 12px 50px;border-radius: 20px;text-decoration: none;font-size: 16px;margin: 10px 0;width: 160px\" href=\"https:\/\/effiraenergy.com\/se\/effira-appen\/\">S\u00e5 funkar appen<br \/>\n<\/a><\/p>\n<\/div>\n                                    <\/div>\n                        <\/div>\n\n    <!-- Mobile: Swiper layout -->\n    <div class=\"xl:hidden w-full mb-8\">\n        <div class=\"swiper steps-swiper\">\n            <div class=\"swiper-wrapper\">\n                                                            <div class=\"swiper-slide flex h-full\">\n                            <div\n                                class=\"flex flex-col items-center justify-center gap-y-3 bg-white rounded-3xl px-6 h-full py-12 w-full\">\n                                                                    <div\n                                        class=\"flex items-center justify-center text-orange text-lg font-semibold text-center\">\n                                        1\n                                    <\/div>\n                                                                                                    <h3 class=\"heading-sm text-center\">Se vad du kan spara<\/h3>\n                                                                                                    <div class=\"wysiwyg body-md text-center\"><p>Anv\u00e4nd Effiras besparingskalkylator och se direkt hur mycket du kan spara \u2013 utan att l\u00e4mna kontaktuppgifter.<\/p>\n<p style=\"text-align: center\"><a style=\"background: #FF8C2D;color: #000000;padding: 12px 22px;border-radius: 20px;text-decoration: none;font-size: 16px;margin: 10px 0;width: 160px\" href=\"https:\/\/effiraenergy.com\/se\/rakna-ut-din-besparing\/\"><span style=\"color: #000000\">R\u00e4kna ut din besparing<\/span><br \/>\n<\/a><\/p>\n<\/div>\n                                                            <\/div>\n                        <\/div>\n                                            <div class=\"swiper-slide flex h-full\">\n                            <div\n                                class=\"flex flex-col items-center justify-center gap-y-3 bg-white rounded-3xl px-6 h-full py-12 w-full\">\n                                                                    <div\n                                        class=\"flex items-center justify-center text-orange text-lg font-semibold text-center\">\n                                        2\n                                    <\/div>\n                                                                                                    <h3 class=\"heading-sm text-center\">Vi s\u00e4kerst\u00e4ller kompatibilitet<\/h3>\n                                                                                                    <div class=\"wysiwyg body-md text-center\"><p>OPTi fungerar med 95% av alla vattenburna v\u00e4rmepumpar. Vi s\u00e4kerst\u00e4ller att allt \u00e4r kompa-tibelt innan n\u00e5got skickas.<\/p>\n<p style=\"text-align: center\"><a style=\"background: #FF8C2D;color: #062121;padding: 12px 40px;border-radius: 20px;text-decoration: none;font-size: 16px;margin: 10px 0;width: 160px\" href=\"https:\/\/effiraenergy.com\/se\/kompatibilitet\/\">Kolla kompatibilitet<br \/>\n<\/a><\/p>\n<\/div>\n                                                            <\/div>\n                        <\/div>\n                                            <div class=\"swiper-slide flex h-full\">\n                            <div\n                                class=\"flex flex-col items-center justify-center gap-y-3 bg-white rounded-3xl px-6 h-full py-12 w-full\">\n                                                                    <div\n                                        class=\"flex items-center justify-center text-orange text-lg font-semibold text-center\">\n                                        3\n                                    <\/div>\n                                                                                                    <h3 class=\"heading-sm text-center\">Best\u00e4ll \u2013 vi l\u00f6ser resten<\/h3>\n                                                                                                    <div class=\"wysiwyg body-md text-center\"><p>V\u00e4lj mellan att k\u00f6pa eller hyra. V\u00e5r installat\u00f6r kontaktar dig f\u00f6r att boka tid, ser till att allt fungerar som det ska, och installation ing\u00e5r.<\/p>\n<p><a style=\"background: #FF8C2D;color: #062121;padding: 12px 85px;border-radius: 20px;text-decoration: none;font-size: 16px;margin: 10px 0;width: 160px;text-align: center\" href=\"https:\/\/effiraenergy.com\/se\/bestall-opti\/\">Best\u00e4ll<br \/>\n<\/a><\/p>\n<\/div>\n                                                            <\/div>\n                        <\/div>\n                                            <div class=\"swiper-slide flex h-full\">\n                            <div\n                                class=\"flex flex-col items-center justify-center gap-y-3 bg-white rounded-3xl px-6 h-full py-12 w-full\">\n                                                                    <div\n                                        class=\"flex items-center justify-center text-orange text-lg font-semibold text-center\">\n                                        4\n                                    <\/div>\n                                                                                                    <h3 class=\"heading-sm text-center\">Full kontroll fr\u00e5n start<\/h3>\n                                                                                                    <div class=\"wysiwyg body-md text-center\"><p>Minska dina kostnader f\u00f6r v\u00e4rme och varmvatten. Styr och f\u00f6lj dina besparingar i appen \u2013 enkelt och tryggt fr\u00e5n start.<\/p>\n<p style=\"text-align: center\"><a style=\"background: #FF8C2D;color: #062121;padding: 12px 50px;border-radius: 20px;text-decoration: none;font-size: 16px;margin: 10px 0;width: 160px\" href=\"https:\/\/effiraenergy.com\/se\/effira-appen\/\">S\u00e5 funkar appen<br \/>\n<\/a><\/p>\n<\/div>\n                                                            <\/div>\n                        <\/div>\n                                                <\/div>\n        <\/div>\n    <\/div>\n    <\/div>\n\n\n<div data-block=\"image-and-text\"  class=\"content-container container mx-auto my-20 px-4 xl:px-0 text-darkGreen flex flex-col items-center justify-center\">\n    <div class=\"flex flex-col items-center justify-center gap-12 lg:gap-24 lg:justify-between lg:flex-row-reverse md:pl-12\">\n                                    <a href=\"https:\/\/effiraenergy.com\/se\/bestall-opti\/\" class=\"w-full lg:w-1\/2 mx-auto block\">\n                    <div class=\"aspect-square w-full overflow-hidden rounded-2xl\">\n                        <picture class=\"w-full h-full block\">\n                                                            <source media=\"(max-width: 767px)\" srcset=\"https:\/\/images.ohmyhosting.se\/UcRVMBfRN2cJl0wQ1GBY2tYKm_w=\/1400x1400\/smart\/filters:format(webp):quality(90):sharpen(0.25,0.5,true)\/https%3A%2F%2Feffiraenergy.com%2Fwp-content%2Fuploads%2Fsites%2F3%2F2026%2F03%2FBestall.jpg\">\n                                                        <img decoding=\"async\" src=\"https:\/\/images.ohmyhosting.se\/UcRVMBfRN2cJl0wQ1GBY2tYKm_w=\/1400x1400\/smart\/filters:format(webp):quality(90):sharpen(0.25,0.5,true)\/https%3A%2F%2Feffiraenergy.com%2Fwp-content%2Fuploads%2Fsites%2F3%2F2026%2F03%2FBestall.jpg\" alt=\"\"\n                                class=\"w-full h-full object-cover\"\n                                loading=\"lazy\" \/>\n                        <\/picture>\n                    <\/div>\n                <\/a>\n                            <div class=\"w-full lg:w-1\/2 max-w-xl flex flex-col gap-8 items-start sm:items-center lg:items-start justify-center text-left sm:text-center lg:text-left\">\n                            <h2 class=\"heading-lg\">Best\u00e4ll OPTi \u2013 b\u00f6rja spara redan idag<\/h2>\n                                        <div class=\"wysiwyg body-md leading-[140%]\"><p>Med OPTi:s unika teknik f\u00f6r att styra produktion av v\u00e4rme och varmvatten minskar du elkostnaden \u00e5ret runt.<\/p>\n<p>Genom att undvika drift n\u00e4r elen \u00e4r som dyrast minskar OPTi dina elkostnader med upp till 30%.<\/p>\n<p>V\u00e4lj det abonnemang som passar dig b\u00e4st. V\u00e5ra abonnemang \u00e4r utan bindningstid \u2013 avsluta n\u00e4r du vill<\/p>\n<\/div>\n                                        <div>\n                    <a href=\"https:\/\/effiraenergy.com\/se\/bestall-opti\/\"\n                        class=\"secondary-button text-white flex items-center gap-3 justify-center\">\n                        Best\u00e4ll OPTi\n                    <\/a>\n                <\/div>\n                    <\/div>\n    <\/div>\n<\/div>\n\n\n<div data-block=\"steps\"\n        class=\"container mx-auto mb-0 flex flex-col items-start lg:items-center px-4 2xl:px-0\">\n    <div class=\"max-w-7xl mx-auto text-start lg:text-center mb-8 !text-darkGreen lg:px-0\">\n                    <h2 class=\"heading-lg mb-4\">S\u00e5 h\u00e4r s\u00e4ger v\u00e5ra kunder om OPTi<\/h2>\n                    <\/div>\n    <!-- Desktop: Flex layout -->\n    <div class=\"hidden xl:flex xl:flex-row gap-4 px-4 lg:px-0 mb-8 items-stretch justify-center\">\n                                    <div\n                    class=\"flex flex-col items-center gap-y-3 bg-white rounded-3xl px-6 py-10 h-auto justify-center w-[300px] self-stretch\">\n                                                                <h3 class=\"heading-sm text-center\">Charlotte &#8211; Stockholm<\/h3>\n                                                                <div class=\"wysiwyg body-md text-center\"><p>-I h\u00f6stas, n\u00e4r elpriserna steg, k\u00e4ndes det tryggt att ha kontroll \u00f6ver v\u00e4rme och varmvatten. Vi upplevde samma komfort, och med ungdomar hemma \u00e4r det sk\u00f6nt att veta att varmvatten finns n\u00e4r det beh\u00f6vs. Det \u00e4r helt enkelt sk\u00f6nt att slippa t\u00e4nka p\u00e5 det och samtidigt f\u00e5 l\u00e4gre kostnader.<\/p>\n<\/div>\n                                    <\/div>\n                            <div\n                    class=\"flex flex-col items-center gap-y-3 bg-white rounded-3xl px-6 py-10 h-auto justify-center w-[300px] self-stretch\">\n                                                                <h3 class=\"heading-sm text-center\">Anders &#8211; Stockholm<\/h3>\n                                                                <div class=\"wysiwyg body-md text-center\"><p>-En toppenupplevelse att teckna abonnemang, jag fick mycket snabb och tydlig hj\u00e4lp med min enda fr\u00e5ga d\u00e5 jag inte \u00e4r s\u00e5 kunnig om v\u00e4rmepumpar i v\u00e5r villa. L\u00f6sning och beskrivning av tj\u00e4nsten var enkel att f\u00f6rst\u00e5. Stort plus med besparingsgarantin. Rekommenderas varmt.<\/p>\n<\/div>\n                                    <\/div>\n                            <div\n                    class=\"flex flex-col items-center gap-y-3 bg-white rounded-3xl px-6 py-10 h-auto justify-center w-[300px] self-stretch\">\n                                                                <h3 class=\"heading-sm text-center\">Johan &#8211; T\u00e4by<\/h3>\n                                                                <div class=\"wysiwyg body-md text-center\"><p>-Snabb och smidig installation. Vi har en bergv\u00e4rmepump fr\u00e5n 2022 som nu k\u00f6rs med OPTi. Vi s\u00e5g ganska snart att elkostnaden gick ned betydligt redan efter n\u00e5gra veckor utan att v\u00e4rmen i huset f\u00f6r\u00e4ndrades. Enkel l\u00f6sning som bara fungerar och g\u00f6r att allt k\u00e4nns mycket mer kontrollerat.<\/p>\n<\/div>\n                                    <\/div>\n                            <div\n                    class=\"flex flex-col items-center gap-y-3 bg-white rounded-3xl px-6 py-10 h-auto justify-center w-[300px] self-stretch\">\n                                                                <h3 class=\"heading-sm text-center\">Christoffer &#8211; Liding\u00f6<\/h3>\n                                                                <div class=\"wysiwyg body-md text-center\"><p>\u2013Vi blev imponerade n\u00e4r vi s\u00e5g hur mycket OPTi minskar v\u00e5ra elkostnader. Det \u00e4r faktiskt lite kul att \u00f6ppna appen och f\u00f6lja hur huset jobbar. Att v\u00e5r \u00e4ldre v\u00e4rmepump nu styrs smart efter elpriserna g\u00f6r tydlig skillnad och k\u00e4nns n\u00e4stan som vi f\u00e5tt ny bergv\u00e4rme \ud83d\ude42<\/p>\n<\/div>\n                                    <\/div>\n                        <\/div>\n\n    <!-- Mobile: Swiper layout -->\n    <div class=\"xl:hidden w-full mb-8\">\n        <div class=\"swiper steps-swiper\">\n            <div class=\"swiper-wrapper\">\n                                                            <div class=\"swiper-slide flex h-full\">\n                            <div\n                                class=\"flex flex-col items-center justify-center gap-y-3 bg-white rounded-3xl px-6 h-full py-12 w-full\">\n                                                                                                    <h3 class=\"heading-sm text-center\">Charlotte &#8211; Stockholm<\/h3>\n                                                                                                    <div class=\"wysiwyg body-md text-center\"><p>-I h\u00f6stas, n\u00e4r elpriserna steg, k\u00e4ndes det tryggt att ha kontroll \u00f6ver v\u00e4rme och varmvatten. Vi upplevde samma komfort, och med ungdomar hemma \u00e4r det sk\u00f6nt att veta att varmvatten finns n\u00e4r det beh\u00f6vs. Det \u00e4r helt enkelt sk\u00f6nt att slippa t\u00e4nka p\u00e5 det och samtidigt f\u00e5 l\u00e4gre kostnader.<\/p>\n<\/div>\n                                                            <\/div>\n                        <\/div>\n                                            <div class=\"swiper-slide flex h-full\">\n                            <div\n                                class=\"flex flex-col items-center justify-center gap-y-3 bg-white rounded-3xl px-6 h-full py-12 w-full\">\n                                                                                                    <h3 class=\"heading-sm text-center\">Anders &#8211; Stockholm<\/h3>\n                                                                                                    <div class=\"wysiwyg body-md text-center\"><p>-En toppenupplevelse att teckna abonnemang, jag fick mycket snabb och tydlig hj\u00e4lp med min enda fr\u00e5ga d\u00e5 jag inte \u00e4r s\u00e5 kunnig om v\u00e4rmepumpar i v\u00e5r villa. L\u00f6sning och beskrivning av tj\u00e4nsten var enkel att f\u00f6rst\u00e5. Stort plus med besparingsgarantin. Rekommenderas varmt.<\/p>\n<\/div>\n                                                            <\/div>\n                        <\/div>\n                                            <div class=\"swiper-slide flex h-full\">\n                            <div\n                                class=\"flex flex-col items-center justify-center gap-y-3 bg-white rounded-3xl px-6 h-full py-12 w-full\">\n                                                                                                    <h3 class=\"heading-sm text-center\">Johan &#8211; T\u00e4by<\/h3>\n                                                                                                    <div class=\"wysiwyg body-md text-center\"><p>-Snabb och smidig installation. Vi har en bergv\u00e4rmepump fr\u00e5n 2022 som nu k\u00f6rs med OPTi. Vi s\u00e5g ganska snart att elkostnaden gick ned betydligt redan efter n\u00e5gra veckor utan att v\u00e4rmen i huset f\u00f6r\u00e4ndrades. Enkel l\u00f6sning som bara fungerar och g\u00f6r att allt k\u00e4nns mycket mer kontrollerat.<\/p>\n<\/div>\n                                                            <\/div>\n                        <\/div>\n                                            <div class=\"swiper-slide flex h-full\">\n                            <div\n                                class=\"flex flex-col items-center justify-center gap-y-3 bg-white rounded-3xl px-6 h-full py-12 w-full\">\n                                                                                                    <h3 class=\"heading-sm text-center\">Christoffer &#8211; Liding\u00f6<\/h3>\n                                                                                                    <div class=\"wysiwyg body-md text-center\"><p>\u2013Vi blev imponerade n\u00e4r vi s\u00e5g hur mycket OPTi minskar v\u00e5ra elkostnader. Det \u00e4r faktiskt lite kul att \u00f6ppna appen och f\u00f6lja hur huset jobbar. Att v\u00e5r \u00e4ldre v\u00e4rmepump nu styrs smart efter elpriserna g\u00f6r tydlig skillnad och k\u00e4nns n\u00e4stan som vi f\u00e5tt ny bergv\u00e4rme \ud83d\ude42<\/p>\n<\/div>\n                                                            <\/div>\n                        <\/div>\n                                                <\/div>\n        <\/div>\n    <\/div>\n    <\/div>\n\n\n<div data-block=\"image-and-text\"  class=\"content-container container mx-auto my-20 px-4 xl:px-0 text-darkGreen flex flex-col items-center justify-center\">\n    <div class=\"flex flex-col items-center justify-center gap-12 lg:gap-24 lg:justify-between lg:flex-row-reverse md:pl-12\">\n                                    <a href=\"https:\/\/effiraenergy.com\/se\/opti-anvandare-i-sverige\/\" class=\"w-full lg:w-1\/2 mx-auto block\">\n                    <div class=\"aspect-square w-full overflow-hidden rounded-2xl\">\n                        <picture class=\"w-full h-full block\">\n                                                            <source media=\"(max-width: 767px)\" srcset=\"https:\/\/images.ohmyhosting.se\/bX7bZFtH0E_saYmCp4-g4cayb9Q=\/1400x1400\/smart\/filters:format(webp):quality(90):sharpen(0.25,0.5,true)\/https%3A%2F%2Feffiraenergy.com%2Fwp-content%2Fuploads%2Fsites%2F3%2F2025%2F12%2FHus_80_firefly_new_new_light.jpg\">\n                                                        <img decoding=\"async\" src=\"https:\/\/images.ohmyhosting.se\/bX7bZFtH0E_saYmCp4-g4cayb9Q=\/1400x1400\/smart\/filters:format(webp):quality(90):sharpen(0.25,0.5,true)\/https%3A%2F%2Feffiraenergy.com%2Fwp-content%2Fuploads%2Fsites%2F3%2F2025%2F12%2FHus_80_firefly_new_new_light.jpg\" alt=\"\"\n                                class=\"w-full h-full object-cover\"\n                                loading=\"lazy\" \/>\n                        <\/picture>\n                    <\/div>\n                <\/a>\n                            <div class=\"w-full lg:w-1\/2 max-w-xl flex flex-col gap-8 items-start sm:items-center lg:items-start justify-center text-left sm:text-center lg:text-left\">\n                            <h2 class=\"heading-lg\">80-talshus i G\u00f6teborg sparar \u00f6ver 9 000 kr per \u00e5r med OPTi<\/h2>\n                                        <div class=\"wysiwyg body-md leading-[140%]\"><p>Familjen Svensson bor i ett klassiskt 80-talshus p\u00e5 200\u2009m\u00b2 med solceller och fr\u00e5nluftsv\u00e4rmepump. Efter att familjen kopplat in sin Effira OPTi minskade deras elkostnader f\u00f6r uppv\u00e4rmning- och varmvatten med 9 200 kr per \u00e5r \u2014 helt automatiskt och utan att p\u00e5verka komforten.<\/p>\n<\/div>\n                                        <div>\n                    <a href=\"https:\/\/effiraenergy.com\/se\/opti-anvandare-i-sverige\/\"\n                        class=\"secondary-button text-white flex items-center gap-3 justify-center\">\n                        L\u00e4s mer\n                    <\/a>\n                <\/div>\n                    <\/div>\n    <\/div>\n<\/div>\n\n\n<div data-block=\"image-and-text\"  class=\"content-container container mx-auto my-20 px-4 xl:px-0 text-darkGreen flex flex-col items-center justify-center\">\n    <div class=\"flex flex-col items-center justify-center gap-12 lg:gap-24 lg:justify-between lg:flex-row-reverse md:pl-12\">\n                    <div class=\"w-full lg:w-1\/2 mx-auto\">\n                <div class=\"aspect-square w-full overflow-hidden rounded-2xl\">\n                    <video class=\"w-full h-full object-cover\" preload=\"metadata\" autoplay loop muted playsinline>\n                        <source src=\"https:\/\/effiraenergy.com\/wp-content\/uploads\/sites\/3\/2026\/01\/Effira-App_animation_1x1.mp4\" type=\"video\/mp4\" \/>\n                    <\/video>\n                <\/div>\n            <\/div>\n                <div class=\"w-full lg:w-1\/2 max-w-xl flex flex-col gap-8 items-start sm:items-center lg:items-start justify-center text-left sm:text-center lg:text-left\">\n                            <h2 class=\"heading-lg\">Effira-appen ger dig full \u00f6verblick<\/h2>\n                                        <div class=\"wysiwyg body-md leading-[140%]\"><p>I Effira-appen ser du hur OPTi styr v\u00e4rme och varmvatten i ditt hem. Elpris, energianv\u00e4ndning och besparing visas samlat p\u00e5 ett st\u00e4lle \u2013 medan systemet arbetar automatiskt i bakgrunden.<\/p>\n<p>F\u00f6lj hur besparingen utvecklas \u00f6ver tid och f\u00e5 en tydlig bild av vad OPTi faktiskt g\u00f6r f\u00f6r ditt hem. Enkelt, tryggt och utan att tumma p\u00e5 komforten hemma.<\/p>\n<\/div>\n                                        <div>\n                    <a href=\"https:\/\/effiraenergy.com\/se\/effira-appen\/\"\n                        class=\"secondary-button text-white flex items-center gap-3 justify-center\">\n                        L\u00e4s mer om appen\n                    <\/a>\n                <\/div>\n                    <\/div>\n    <\/div>\n<\/div>\n\n\n<div data-block=\"image-and-text\"  class=\"content-container container mx-auto my-20 px-4 xl:px-0 text-darkGreen flex flex-col items-center justify-center\">\n    <div class=\"flex flex-col items-center justify-center gap-12 lg:gap-24 lg:justify-between lg:flex-row-reverse md:pl-12\">\n                                    <a href=\"https:\/\/effiraenergy.com\/se\/support\/\" class=\"w-full lg:w-1\/2 mx-auto block\">\n                    <div class=\"aspect-square w-full overflow-hidden rounded-2xl\">\n                        <picture class=\"w-full h-full block\">\n                                                            <source media=\"(max-width: 767px)\" srcset=\"https:\/\/images.ohmyhosting.se\/YUhZEe0KX_z0Rwt8l0zsLMa6vuw=\/1400x1400\/smart\/filters:format(webp):quality(90):sharpen(0.25,0.5,true)\/https%3A%2F%2Feffiraenergy.com%2Fwp-content%2Fuploads%2Fsites%2F3%2F2026%2F03%2FKunskapsbank.jpg\">\n                                                        <img decoding=\"async\" src=\"https:\/\/images.ohmyhosting.se\/YUhZEe0KX_z0Rwt8l0zsLMa6vuw=\/1400x1400\/smart\/filters:format(webp):quality(90):sharpen(0.25,0.5,true)\/https%3A%2F%2Feffiraenergy.com%2Fwp-content%2Fuploads%2Fsites%2F3%2F2026%2F03%2FKunskapsbank.jpg\" alt=\"\"\n                                class=\"w-full h-full object-cover\"\n                                loading=\"lazy\" \/>\n                        <\/picture>\n                    <\/div>\n                <\/a>\n                            <div class=\"w-full lg:w-1\/2 max-w-xl flex flex-col gap-8 items-start sm:items-center lg:items-start justify-center text-left sm:text-center lg:text-left\">\n                            <h2 class=\"heading-lg\">Vi har koll &#8211; och svar p\u00e5 alla dina fr\u00e5gor<\/h2>\n                                        <div class=\"wysiwyg body-md leading-[140%]\"><p>Du kan lugnt luta dig tillbaka medan OPTi jobbar i bakgrunden med att s\u00e4nka din elkostnad. Det \u00e4r hela po\u00e4ngen med OPTi:s smarta styrning av din v\u00e4rmepump. Men det kanske \u00e4nd\u00e5 finns fr\u00e5gor som du funderar p\u00e5.<\/p>\n<p>Hur fungerar OPTi med solceller, eller med batterier? Kan OPTi styra v\u00e4rme och varmvatten separat?<\/p>\n<p>Svaren p\u00e5 de vanligaste fr\u00e5gorna som vi f\u00e5r hittar du i v\u00e5r Support och FAQ-sektion.<\/p>\n<\/div>\n                                        <div>\n                    <a href=\"https:\/\/effiraenergy.com\/se\/support\/\"\n                        class=\"secondary-button text-white flex items-center gap-3 justify-center\">\n                        Support och FAQ\n                    <\/a>\n                <\/div>\n                    <\/div>\n    <\/div>\n<\/div>\n\n\n<div data-block=\"image-and-text\"  class=\"content-container container mx-auto my-20 px-4 xl:px-0 text-darkGreen flex flex-col items-center justify-center\">\n    <div class=\"flex flex-col items-center justify-center gap-12 lg:gap-24 lg:justify-between lg:flex-row md:pr-12\">\n                                    <a href=\"https:\/\/effiraenergy.com\/se\/kunskapsbanken\/\" class=\"w-full lg:w-1\/2 mx-auto block\">\n                    <div class=\"aspect-square w-full overflow-hidden rounded-2xl\">\n                        <picture class=\"w-full h-full block\">\n                                                            <source media=\"(max-width: 767px)\" srcset=\"https:\/\/images.ohmyhosting.se\/8bcyLv8iV3P4jt-Q15SQ-5Ot3-4=\/1400x1400\/smart\/filters:format(webp):quality(90):sharpen(0.25,0.5,true)\/https%3A%2F%2Feffiraenergy.com%2Fwp-content%2Fuploads%2Fsites%2F3%2F2026%2F03%2FFirefly_Gemini-Flash_Ett-anteckningsblock-med-texten-Kunskapsbank-inte-Knowledge-Base-778917.png\">\n                                                        <img decoding=\"async\" src=\"https:\/\/images.ohmyhosting.se\/8bcyLv8iV3P4jt-Q15SQ-5Ot3-4=\/1400x1400\/smart\/filters:format(webp):quality(90):sharpen(0.25,0.5,true)\/https%3A%2F%2Feffiraenergy.com%2Fwp-content%2Fuploads%2Fsites%2F3%2F2026%2F03%2FFirefly_Gemini-Flash_Ett-anteckningsblock-med-texten-Kunskapsbank-inte-Knowledge-Base-778917.png\" alt=\"\"\n                                class=\"w-full h-full object-cover\"\n                                loading=\"lazy\" \/>\n                        <\/picture>\n                    <\/div>\n                <\/a>\n                            <div class=\"w-full lg:w-1\/2 max-w-xl flex flex-col gap-8 items-start sm:items-center lg:items-start justify-center text-left sm:text-center lg:text-left\">\n                            <h2 class=\"heading-lg\">Effiras rika kunskapsbank<\/h2>\n                                        <div class=\"wysiwyg body-md leading-[140%]\"><p>Effira \u00e4r specialiserade p\u00e5 smart v\u00e4rmestyrning av v\u00e4rmepumpars v\u00e4rme- och varmvatten-produktion. Med \u00f6ver 25 \u00e5rs erfarenhet fr\u00e5n v\u00e4rmepumpsbranschen s\u00e5 har vi gedigen kunskap om sj\u00e4lvstyrande v\u00e4rmesystem<\/p>\n<p>V\u00e5r f\u00f6rsta uppkopplade produkt lanserades f\u00f6r 10 \u00e5r sedan. 2025 lanserades OPTi, v\u00e5r senaste version som rymmer all den kunskap och erfarenhet vi samlat p\u00e5 oss.<\/p>\n<p>I v\u00e5r kunskapsbank kan du som vill ta del av f\u00f6rdjupande artiklar, titta p\u00e5 v\u00e5ra uppskattade webinar eller bli uppringd av en energiexpert.<\/p>\n<\/div>\n                                        <div>\n                    <a href=\"https:\/\/effiraenergy.com\/se\/kunskapsbanken\/\"\n                        class=\"secondary-button text-white flex items-center gap-3 justify-center\">\n                        Effiras kunskapsbank\n                    <\/a>\n                <\/div>\n                    <\/div>\n    <\/div>\n<\/div>\n","protected":false},"excerpt":{"rendered":"","protected":false},"author":1,"featured_media":0,"parent":0,"menu_order":0,"comment_status":"closed","ping_status":"closed","template":"","meta":{"_acf_changed":false,"footnotes":""},"class_list":["post-575","page","type-page","status-publish","hentry"],"acf":[],"_links":{"self":[{"href":"https:\/\/effiraenergy.com\/se\/wp-json\/wp\/v2\/pages\/575","targetHints":{"allow":["GET"]}}],"collection":[{"href":"https:\/\/effiraenergy.com\/se\/wp-json\/wp\/v2\/pages"}],"about":[{"href":"https:\/\/effiraenergy.com\/se\/wp-json\/wp\/v2\/types\/page"}],"author":[{"embeddable":true,"href":"https:\/\/effiraenergy.com\/se\/wp-json\/wp\/v2\/users\/1"}],"replies":[{"embeddable":true,"href":"https:\/\/effiraenergy.com\/se\/wp-json\/wp\/v2\/comments?post=575"}],"version-history":[{"count":337,"href":"https:\/\/effiraenergy.com\/se\/wp-json\/wp\/v2\/pages\/575\/revisions"}],"predecessor-version":[{"id":4732,"href":"https:\/\/effiraenergy.com\/se\/wp-json\/wp\/v2\/pages\/575\/revisions\/4732"}],"wp:attachment":[{"href":"https:\/\/effiraenergy.com\/se\/wp-json\/wp\/v2\/media?parent=575"}],"curies":[{"name":"wp","href":"https:\/\/api.w.org\/{rel}","templated":true}]}}